{"id":106,"date":"2024-05-08T12:16:09","date_gmt":"2024-05-08T10:16:09","guid":{"rendered":"http:\/\/klarotec.ch\/?page_id=106"},"modified":"2024-05-08T12:16:09","modified_gmt":"2024-05-08T10:16:09","slug":"wissen","status":"publish","type":"page","link":"http:\/\/klarotec.ch\/index.php\/wissen\/","title":{"rendered":"Wissen"},"content":{"rendered":"\n<figure class=\"wp-block-image size-full logo_gross\"><img loading=\"lazy\" decoding=\"async\" width=\"1001\" height=\"311\" src=\"http:\/\/klarotec.ch\/wp-content\/uploads\/2024\/04\/klarotec_banner.png\" alt=\"\" class=\"wp-image-8\" srcset=\"http:\/\/klarotec.ch\/wp-content\/uploads\/2024\/04\/klarotec_banner.png 1001w, http:\/\/klarotec.ch\/wp-content\/uploads\/2024\/04\/klarotec_banner-300x93.png 300w, http:\/\/klarotec.ch\/wp-content\/uploads\/2024\/04\/klarotec_banner-768x239.png 768w\" sizes=\"auto, (max-width: 1001px) 100vw, 1001px\" \/><\/figure>\n\n\n\n<div class=\"wp-block-group inhalt\"><div class=\"wp-block-group__inner-container is-layout-constrained wp-block-group-is-layout-constrained\">\n<h1 class=\"wp-block-heading\">Wissenswertes<\/h1>\n\n\n\n<h2 class=\"wp-block-heading\">Schadstoffe<\/h2>\n\n\n\n<p>welche m\u00fcssen wir kennen, wo kommen sie vor?<br><br>An diesem Themengebiet wird zurzeit noch gearbeitet&#8230;<br><br>Asbestvorkommen in alten Bauteilen wie beispielsweise:<\/p>\n\n\n\n<ul class=\"wp-block-list\">\n<li>Asbestzement in Dacheindeckungen und Au\u00dfenwandverkleidungen<\/li>\n\n\n\n<li>Asbest als Bestandteil von alten Fu\u00dfbodenbel\u00e4gen aus Kunststoff Asbestplatten, zum Beispiel Zwischenlagen unter<\/li>\n\n\n\n<li>Elektro-Abzweigdosen und Vorschaltger\u00e4ten, hinter \u00d6fen in \u00e4lteren Holzgeb\u00e4uden, z. B. als Asbestpappe<\/li>\n\n\n\n<li>Asbest in \u00e4lteren Elektroger\u00e4ten (B\u00fcgeleisen, Nachtspeicher\u00f6fen, Toaster, Elektrogrill, Haartrockner, Thermoelemente, Hochlastwiderst\u00e4nde, Heizwiderst\u00e4nde, NH- und HH-Sicherungen, R\u00f6hrenrundfunkempf\u00e4nger u.\u00e4.)<\/li>\n\n\n\n<li>Asbest als Bestandteil von sehr alten Bremsbel\u00e4gen und Dichtungen<\/li>\n<\/ul>\n\n\n\n<h2 class=\"wp-block-heading\">Asbest<\/h2>\n\n\n\n<p>Asbest (altgriech. f\u00fcr &#8222;unverg\u00e4nglich&#8220;) ist eine Sammelbezeichnung f\u00fcr verschiedene, nat\u00fcrlich vorkommende, faserf\u00f6rmige Silikat-Minerale. Die Faser des Magnesioriebeckits oder Krokydoliths aus der Gruppe der Hornblenden (auch Blauasbest genannt) ist bl\u00e4ulich, die Faser des Chrysotils (Serpentingruppe) ist wei\u00df oder gr\u00fcn. Weitere zum Asbest z\u00e4hlende Minerale sind Grunerit (Amosit, Brauner Asbest), Anthophyllit und Aktinolith.<br><br>Chrysotil, auch Wei\u00dfasbest genannt, fand die technisch weitaus breiteste Anwendung, zum gr\u00f6\u00dften Teil als Armierungsfaser in Asbestzement.<br><br>Asbest wurde auch &#8222;Wunderfaser&#8220; genannt, weil es eine gro\u00dfe Festigkeit besitzt, hitze- und s\u00e4urebest\u00e4ndig ist, hervorragend d\u00e4mmt und verwoben werden kann. Mit diesen Voraussetzungen konnte sich Asbest in der Werftindustrie f\u00fcr die Schifffahrt, in der W\u00e4rmed\u00e4mmung, der Bauindustrie und der Autoreifenindustrie durchsetzen. Aufgrund der inzwischen eindeutig festgestellten Gesundheitsgefahren, die von Asbest ausgehen, ist der Einsatz heute in vielen Staaten verboten, unter anderem in der ganzen Europ\u00e4ischen Union (EU) und der Schweiz (seit 1990).<br><br>Asbest stellt heute prim\u00e4r ein Entsorgungsproblem dar.<\/p>\n\n\n\n<h2 class=\"wp-block-heading\">PCB<\/h2>\n\n\n\n<p>Polychlorierte Biphenyle (PCB) sind giftige und krebsausl\u00f6sende chemische Chlorverbindungen, die bis in die 1980er Jahre vor allem in Transformatoren, elektrischen Kondensatoren, in Hydraulikanlagen als Hydraulikfl\u00fcssigkeit, sowie als Weichmacher in Lacken, Dichtungsmassen, Isoliermitteln und Kunststoffen verwendet wurden.<br><br>PCB z\u00e4hlen inzwischen zu den zw\u00f6lf als &#8222;dreckiges Dutzend&#8220; bekannten organischen Giftstoffen, welche durch die Stockholmer Konvention vom 22. Mai 2001 weltweit verboten wurden.<br><br>Unsere Firma entfernt und entsorgt sachgerecht nach SUVA-Richtlinien alle PCB-haltigen Materialien.<\/p>\n\n\n\n<h2 class=\"wp-block-heading\">PAK<\/h2>\n\n\n\n<p>Polycyclische aromatische Kohlenwasserstoffe (PAK) sind nat\u00fcrlicher Bestandteil von Kohle und Erd\u00f6l. Der bei der Verkokung von Steinkohle anfallende Teer enth\u00e4lt hohe Anteile an PAK. Daher ist seine Verwendung im Stra\u00dfenbau und z. B. als Dachpappe seit 1970 verboten worden. Mit Steinkohleteer behandelte Produkte, z. B. teergebundener Asphalt aus der Zeit vor 1970, Teerpappe oder Teerimpr\u00e4gnierungen (f\u00fcr Telegrafenmasten oder Eisenbahnschwellen), enthalten daher viel PAK.<br><br>Wirkung auf Menschen:<br><br>Bei chronischer Belastung stehen sie in Verdacht<br>1) krebserregend<br>2) erbgutsch\u00e4digend<br>3) hormonaktiv<br>zu sein. Benzo(a)pyren gilt als der giftigste PAK und kann Krebs erzeugen.<br><br>Wir enfernen und ensorgen sachgerecht nach SUVA-Richtlinien alle PAK-haltige Materialien.<\/p>\n\n\n\n<h2 class=\"wp-block-heading\">Suva<\/h2>\n\n\n\n<p>Die Unfallversicherung in der Schweiz<br><br>Die Suva ist ein schweizerisches Versicherungsunternehmen welches fast 2 Millionen berufst\u00e4tige Menschen gegen Unfall und Berufskrankheiten versichert. Vorbeugung und Rehabilitation geh\u00f6ren ebenso zum Leistungsumfang der Suva, die dabei eng mit Sozialpartnern und dem Bund zusammen arbeitet. Der Verwaltungsrat bildet sich sowohl aus Bundesvertretern als auch aus Vertretern der Arbeitnehmer- und Arbeitgeberseiten. F\u00fcr die Aufgabe der Rehabilitation geh\u00f6ren zur Suva eigene Kliniken.<br><br>Eines der wichtigen Themen ist die Arbeitssicherheit im Hinblick auf das Arbeiten in schadstoffbelasteten Umgebungen und die daraus resultierenden Vorsichtsma\u00dfnahmen zur Gesunderhaltung der Arbeitnehmenden.<br>Deshalb ist die Suva ein wichtiger Partner f\u00fcr uns.<br><br>Weiterf\u00fchrende Links:<br>&#8211; <a href=\"http:\/\/www.suva.ch\/\">Webseite der Suva<\/a><br>&#8211; <a href=\"http:\/\/www.suva.ch\/startseite-suva\/praevention-suva\/arbeit-suva\/richtig-handeln-suva.htm\">Asbest &#8211; Erkennen und Handeln<\/a> (Quelle: Suva)<br><br>Die Suva bietet mit ihrem Wissentest zu m\u00f6glichen Asbestvorkommen mit dem animierten SUVA-Haus eine gelungene Hilfestellung zur Selbst\u00fcberpr\u00fcfung an. Machen Sie den Test.<\/p>\n<\/div><\/div>\n","protected":false},"excerpt":{"rendered":"<p>Wissenswertes Schadstoffe welche m\u00fcssen wir kennen, wo kommen sie vor? An diesem Themengebiet wird zurzeit noch gearbeitet&#8230; Asbestvorkommen in alten Bauteilen wie beispielsweise: Asbest Asbest (altgriech. f\u00fcr &#8222;unverg\u00e4nglich&#8220;) ist eine Sammelbezeichnung f\u00fcr verschiedene, nat\u00fcrlich vorkommende, faserf\u00f6rmige Silikat-Minerale. Die Faser des Magnesioriebeckits oder Krokydoliths aus der Gruppe der Hornblenden (auch Blauasbest genannt) ist bl\u00e4ulich, die Faser [&#8230;]\n","protected":false},"author":1,"featured_media":0,"parent":0,"menu_order":0,"comment_status":"closed","ping_status":"closed","template":"","meta":{"footnotes":""},"class_list":["post-106","page","type-page","status-publish","hentry"],"_links":{"self":[{"href":"http:\/\/klarotec.ch\/index.php\/wp-json\/wp\/v2\/pages\/106","targetHints":{"allow":["GET"]}}],"collection":[{"href":"http:\/\/klarotec.ch\/index.php\/wp-json\/wp\/v2\/pages"}],"about":[{"href":"http:\/\/klarotec.ch\/index.php\/wp-json\/wp\/v2\/types\/page"}],"author":[{"embeddable":true,"href":"http:\/\/klarotec.ch\/index.php\/wp-json\/wp\/v2\/users\/1"}],"replies":[{"embeddable":true,"href":"http:\/\/klarotec.ch\/index.php\/wp-json\/wp\/v2\/comments?post=106"}],"version-history":[{"count":1,"href":"http:\/\/klarotec.ch\/index.php\/wp-json\/wp\/v2\/pages\/106\/revisions"}],"predecessor-version":[{"id":107,"href":"http:\/\/klarotec.ch\/index.php\/wp-json\/wp\/v2\/pages\/106\/revisions\/107"}],"wp:attachment":[{"href":"http:\/\/klarotec.ch\/index.php\/wp-json\/wp\/v2\/media?parent=106"}],"curies":[{"name":"wp","href":"https:\/\/api.w.org\/{rel}","templated":true}]}}